{"id":6339,"date":"2023-12-19T10:08:06","date_gmt":"2023-12-19T09:08:06","guid":{"rendered":"https:\/\/www.tectum-verlag.de\/?page_id=6339"},"modified":"2024-09-13T15:17:09","modified_gmt":"2024-09-13T13:17:09","slug":"pedagogy","status":"publish","type":"page","link":"https:\/\/www.tectum-verlag.de\/en\/pedagogy\/","title":{"rendered":"Pedagogy"},"content":{"rendered":"\n<section class=\"content-stage big-stage bottom-type-1 image-type-1 \">\n    <div class=\"text-item\">\n        \n                    <h3 class=\"headline-2 text-typing\"\n                data-text=\"Pedagogy\">\n                            <\/h3>\n        \n                    <div class=\"wysiwyg\">\n                <p data-pm-slice=\"1 1 []\">Pedagogical works form an important part of Tectum Verlag&#8217;s social science programme.<br \/>\nThe monographs, anthologies and dissertations published here focus on the education and upbringing of children and adults at school, in the workplace and in the digital space.<\/p>\n<p>Tectum also focuses on art and theatre pedagogy in the pedagogy programme area. The KONTEXT Kunst &#8211; Vermittlung &#8211; Kulturelle Bildung series, edited by Prof. Dr Jutta Str\u00f6ter-Bender, highlights current trends in art and cultural education from the fields of art, culture, cultural heritage and cultural diversity with concrete suggestions for theoretical and practical art education.<\/p>\n\n            <\/div>\n        \n        \n            <\/div>\n\n            <div class=\"image-item\">\n            \n            <div class=\"js-scroll-animations scroll-animations__image-wrapper \" data-scroll-animation-type=\"zoomImage\">\n                                    <picture class=\"content-block__image\">\n                                    \n                                                                                        \n                                                                    \n                                    <source\n                            type=\"image\/webp\"\n                            srcset=\"                                                                                                                                https:\/\/www.tectum-verlag.de\/wp-content\/uploads\/sites\/3\/2023\/03\/Paedagogik-zugeschnitten-playground-scaled-1056x0-c-default.webp 1056w\n                                                                                                                \"\n                            sizes=\"1056px\"\n                    >\n                                            \n                                                                                        \n                                                                    \n                                    <img decoding=\"async\"\n                                                    loading=\"lazy\"\n                                                decode=\"async\"\n                        src=\"https:\/\/www.tectum-verlag.de\/wp-content\/uploads\/sites\/3\/2023\/03\/Paedagogik-zugeschnitten-playground-scaled-50x0-c-default.jpg\"\n                        srcset=\"                                                                                                                                https:\/\/www.tectum-verlag.de\/wp-content\/uploads\/sites\/3\/2023\/03\/Paedagogik-zugeschnitten-playground-scaled-1056x0-c-default.jpg 1056w\n                                                                                                                \"\n                        sizes=\"auto, 1056px\"\n                        alt=\"Fachbereich P\u00e4dagogik I\"\n                        \n                        width=\"1056\"\n                        height=\"\"\n                    >\n                                        <\/picture>\n\n            <\/div>\n\n            <div class=\"tablet-image\">\n                    <picture >\n                                    \n                                                                                        \n                                                                    \n                                    <source\n                            type=\"image\/webp\"\n                            srcset=\"                                                                                                                                https:\/\/www.tectum-verlag.de\/wp-content\/uploads\/sites\/3\/2023\/03\/Paedagogik-zugeschnitten-playground-scaled-412x0-c-default.webp 412w\n                                                                            ,                                                                                                                                https:\/\/www.tectum-verlag.de\/wp-content\/uploads\/sites\/3\/2023\/03\/Paedagogik-zugeschnitten-playground-scaled-528x0-c-default.webp 528w\n                                                                            ,                                                                                                                                https:\/\/www.tectum-verlag.de\/wp-content\/uploads\/sites\/3\/2023\/03\/Paedagogik-zugeschnitten-playground-scaled-980x0-c-default.webp 980w\n                                                                                                                \"\n                            sizes=\"(-webkit-min-device-pixel-ratio: 2) 50vw,\n                            (min-resolution: 192dpi) 50vw,\n                            (min-resolution: 2dppx) 50vw,\n                            (-webkit-min-device-pixel-ratio: 3) 33.33vw,\n                            (min-resolution: 288dpi) 33.33vw,\n                            (min-resolution: 3dppx) 33.33vw\"\n                    >\n                                            \n                                                                                        \n                                                                    \n                                    <img decoding=\"async\"\n                                                    loading=\"lazy\"\n                                                decode=\"async\"\n                        src=\"https:\/\/www.tectum-verlag.de\/wp-content\/uploads\/sites\/3\/2023\/03\/Paedagogik-zugeschnitten-playground-scaled-50x0-c-default.jpg\"\n                        srcset=\"                                                                                                                                https:\/\/www.tectum-verlag.de\/wp-content\/uploads\/sites\/3\/2023\/03\/Paedagogik-zugeschnitten-playground-scaled-412x0-c-default.jpg 412w\n                                                                            ,                                                                                                                                https:\/\/www.tectum-verlag.de\/wp-content\/uploads\/sites\/3\/2023\/03\/Paedagogik-zugeschnitten-playground-scaled-528x0-c-default.jpg 528w\n                                                                            ,                                                                                                                                https:\/\/www.tectum-verlag.de\/wp-content\/uploads\/sites\/3\/2023\/03\/Paedagogik-zugeschnitten-playground-scaled-980x0-c-default.jpg 980w\n                                                                                                                \"\n                        sizes=\"auto, (-webkit-min-device-pixel-ratio: 2) 50vw,\n                            (min-resolution: 192dpi) 50vw,\n                            (min-resolution: 2dppx) 50vw,\n                            (-webkit-min-device-pixel-ratio: 3) 33.33vw,\n                            (min-resolution: 288dpi) 33.33vw,\n                            (min-resolution: 3dppx) 33.33vw\"\n                        alt=\"Fachbereich P\u00e4dagogik I\"\n                        \n                        width=\"412\"\n                        height=\"\"\n                    >\n                                        <\/picture>\n\n            <\/div>\n\n                    <\/div>\n    <\/section>\n\n\n<section class=\"content-plain-text no-margin \">\n    <div class=\"inner\">\n        <h3>Publication Series<\/h3>\n\n    <\/div>\n<\/section>\n\n\n<section class=\"content-faq\">\n    <div class=\"content-faq-item-list\">\n                    <article>\n                <div class=\"content-faq-item\">\n                    <h2 class=\"headline-5 js-accordion-headline\">\n                        KONTEXT Kunst \u2013 Vermittlung \u2013 Kulturelle Bildung\n                    <\/h2>\n\n                    <div class=\"text wysiwyg\">\n                        <strong>Edited by Prof. Dr. Jutta Str\u00f6ter-Bender<\/strong><\/br><\/br>\r\nDie Reihe erschlie\u00dft aktuelle kunst- und kulturp\u00e4dagogische Beitr\u00e4ge aus der Lehr- und Forschungswerkstatt \u201eKunstvermittlung und kulturelles Erbe\u201c an der Universit\u00e4t Paderborn im Fach Kunst. Sie verbindet Grundlagenwissen mit Einf\u00fchrungen in ungew\u00f6hnliche Themenspektren, die dennoch anschlussf\u00e4hig an die Lehrpl\u00e4ne sind. Die vielf\u00e4ltigen Themen aus den Bereichen Kunst, Kultur, Kulturelles Erbe und Cultural Diversity werden vorgestellt mit konkreten Anregungen f\u00fcr die theoretische wie kunstpraktische Vermittlung im Unterricht, in der Jugend- und Erwachsenenbildung und in innovativen Projekten. Sie bieten \u2013 auch fachfremd Unterrichtenden \u2013 weiterf\u00fchrende Perspektiven und Impulse. \r\n<\/br><\/br>\r\n<a href=\"https:\/\/www.nomos-shop.de\/en\/series\/series\/view\/id\/B001098100\" target=\"_blank\" class=\"link-container__link\">\r\n                    <span class=\"two-line-link arrow-link\">\r\n                        Learn more\r\n\r\n                        \r\n                    <\/span>\r\n                <\/a>\n                    <\/div>\n                <\/div>\n            <\/article>\n                    <article>\n                <div class=\"content-faq-item\">\n                    <h2 class=\"headline-5 js-accordion-headline\">\n                        A Tectum Publication: Pedagogy\n                    <\/h2>\n\n                    <div class=\"text wysiwyg\">\n                        <strong>Edited by Tectum Verlag<\/strong>\r\n<\/br><\/br>\r\n<a href=\"https:\/\/www.nomos-shop.de\/en\/series\/series\/view\/id\/B001096300\" target=\"_blank\" class=\"link-container__link\">\r\n                    <span class=\"two-line-link arrow-link\">\r\n                        Learn more\r\n\r\n                        \r\n                    <\/span>\r\n                <\/a>\n                    <\/div>\n                <\/div>\n            <\/article>\n                    <article>\n                <div class=\"content-faq-item\">\n                    <h2 class=\"headline-5 js-accordion-headline\">\n                        Young Academics: P\u00e4dagogik\n                    <\/h2>\n\n                    <div class=\"text wysiwyg\">\n                        The series publishes outstanding theses that deal with pedagogy in the narrower sense, as well as theses from the fields of early childhood education, youth and adult education with interfaces to educational science, social pedagogy and educational science.In addition to the history, theory and practice of knowledge transfer, the authors deal with pedagogical methods, knowledge management and the organization of education and also address current challenges, such as the digitalization of the education sector, peace education and inclusion education. Published by Tectum Verlag, the series offers a platform specifically for young academics and enables teacher training, bachelor&#8217;s and master&#8217;s students to actively participate in academic discourse.\r\n<\/br><\/br>\r\n<a href=\"https:\/\/www.nomos-shop.de\/en\/series\/series\/view\/id\/B001106000\" target=\"_blank\" class=\"link-container__link\">\r\n                    <span class=\"two-line-link arrow-link\">\r\n                        Learn more\r\n\r\n                        \r\n                    <\/span>\r\n                <\/a>\n                    <\/div>\n                <\/div>\n            <\/article>\n            <\/div>\n<\/section>\n\n\n<section class=\"content-link-card \">\n    <div class=\"inner link-right-border card-border-hover grey-active\">\n                    <h4>With you from start to finish <\/h4>\n        \n        <div class=\"border-hover\"><\/div>\n        <div class=\"text-item\">\n                            <div class=\"link\">\n                    <a href=\"\/en\/scientific-publishing\"\n                       target=\"\" rel=\"noopener\"\n                       class=\"link-blue-square\">\n                        Publish today \n                    <\/a>\n                <\/div>\n                    <\/div>\n    <\/div>\n<\/section>\n","protected":false},"excerpt":{"rendered":"","protected":false},"author":22,"featured_media":0,"parent":0,"menu_order":0,"comment_status":"closed","ping_status":"closed","template":"","meta":{"_acf_changed":false,"footnotes":""},"class_list":["post-6339","page","type-page","status-publish","hentry"],"acf":[],"yoast_head":"<!-- This site is optimized with the Yoast SEO Premium plugin v26.1 (Yoast SEO v26.2) - https:\/\/yoast.com\/wordpress\/plugins\/seo\/ -->\n<title>Pedagogy - Tectum Verlag<\/title>\n<meta name=\"description\" content=\"Our vast programme includes in the research field of pedagogy includes education of children and adulta, art education and theatre pedagogy.\" \/>\n<meta name=\"robots\" content=\"index, follow, max-snippet:-1, max-image-preview:large, max-video-preview:-1\" \/>\n<link rel=\"canonical\" href=\"https:\/\/www.tectum-verlag.de\/en\/pedagogy\/\" \/>\n<meta property=\"og:locale\" content=\"en_US\" \/>\n<meta property=\"og:type\" content=\"article\" \/>\n<meta property=\"og:title\" content=\"Pedagogy\" \/>\n<meta property=\"og:description\" content=\"Our vast programme includes in the research field of pedagogy includes education of children and adulta, art education and theatre pedagogy.\" \/>\n<meta property=\"og:url\" content=\"https:\/\/www.tectum-verlag.de\/en\/pedagogy\/\" \/>\n<meta property=\"og:site_name\" content=\"Tectum Verlag\" \/>\n<meta property=\"article:modified_time\" content=\"2024-09-13T13:17:09+00:00\" \/>\n<meta property=\"og:image\" content=\"https:\/\/www.tectum-verlag.de\/wp-content\/uploads\/sites\/3\/2022\/05\/Philosophie.jpg\" \/>\n<meta name=\"twitter:card\" content=\"summary_large_image\" \/>\n<script type=\"application\/ld+json\" class=\"yoast-schema-graph\">{\"@context\":\"https:\/\/schema.org\",\"@graph\":[{\"@type\":\"WebPage\",\"@id\":\"https:\/\/www.tectum-verlag.de\/en\/pedagogy\/\",\"url\":\"https:\/\/www.tectum-verlag.de\/en\/pedagogy\/\",\"name\":\"Pedagogy - Tectum Verlag\",\"isPartOf\":{\"@id\":\"https:\/\/www.tectum-verlag.de\/en\/#website\"},\"datePublished\":\"2023-12-19T09:08:06+00:00\",\"dateModified\":\"2024-09-13T13:17:09+00:00\",\"description\":\"Our vast programme includes in the research field of pedagogy includes education of children and adulta, art education and theatre pedagogy.\",\"breadcrumb\":{\"@id\":\"https:\/\/www.tectum-verlag.de\/en\/pedagogy\/#breadcrumb\"},\"inLanguage\":\"en-US\",\"potentialAction\":[{\"@type\":\"ReadAction\",\"target\":[\"https:\/\/www.tectum-verlag.de\/en\/pedagogy\/\"]}]},{\"@type\":\"BreadcrumbList\",\"@id\":\"https:\/\/www.tectum-verlag.de\/en\/pedagogy\/#breadcrumb\",\"itemListElement\":[{\"@type\":\"ListItem\",\"position\":1,\"name\":\"Startseite\",\"item\":\"https:\/\/www.tectum-verlag.de\/en\/\"},{\"@type\":\"ListItem\",\"position\":2,\"name\":\"Pedagogy\"}]},{\"@type\":\"WebSite\",\"@id\":\"https:\/\/www.tectum-verlag.de\/en\/#website\",\"url\":\"https:\/\/www.tectum-verlag.de\/en\/\",\"name\":\"Tectum Verlag\",\"description\":\"Eine weitere nomos.de Websites Website\",\"publisher\":{\"@id\":\"https:\/\/www.tectum-verlag.de\/en\/#organization\"},\"potentialAction\":[{\"@type\":\"SearchAction\",\"target\":{\"@type\":\"EntryPoint\",\"urlTemplate\":\"https:\/\/www.tectum-verlag.de\/en\/?s={search_term_string}\"},\"query-input\":{\"@type\":\"PropertyValueSpecification\",\"valueRequired\":true,\"valueName\":\"search_term_string\"}}],\"inLanguage\":\"en-US\"},{\"@type\":\"Organization\",\"@id\":\"https:\/\/www.tectum-verlag.de\/en\/#organization\",\"name\":\"Tectum Verlag\",\"url\":\"https:\/\/www.tectum-verlag.de\/en\/\",\"logo\":{\"@type\":\"ImageObject\",\"inLanguage\":\"en-US\",\"@id\":\"https:\/\/www.tectum-verlag.de\/en\/#\/schema\/logo\/image\/\",\"url\":\"https:\/\/www.tectum-verlag.de\/wp-content\/uploads\/sites\/3\/2025\/07\/Tectum-web-1.jpg\",\"contentUrl\":\"https:\/\/www.tectum-verlag.de\/wp-content\/uploads\/sites\/3\/2025\/07\/Tectum-web-1.jpg\",\"width\":200,\"height\":200,\"caption\":\"Tectum Verlag\"},\"image\":{\"@id\":\"https:\/\/www.tectum-verlag.de\/en\/#\/schema\/logo\/image\/\"}}]}<\/script>\n<!-- \/ Yoast SEO Premium plugin. -->","yoast_head_json":{"title":"Pedagogy - Tectum Verlag","description":"Our vast programme includes in the research field of pedagogy includes education of children and adulta, art education and theatre pedagogy.","robots":{"index":"index","follow":"follow","max-snippet":"max-snippet:-1","max-image-preview":"max-image-preview:large","max-video-preview":"max-video-preview:-1"},"canonical":"https:\/\/www.tectum-verlag.de\/en\/pedagogy\/","og_locale":"en_US","og_type":"article","og_title":"Pedagogy","og_description":"Our vast programme includes in the research field of pedagogy includes education of children and adulta, art education and theatre pedagogy.","og_url":"https:\/\/www.tectum-verlag.de\/en\/pedagogy\/","og_site_name":"Tectum Verlag","article_modified_time":"2024-09-13T13:17:09+00:00","og_image":[{"url":"https:\/\/www.tectum-verlag.de\/wp-content\/uploads\/sites\/3\/2022\/05\/Philosophie.jpg","type":"","width":"","height":""}],"twitter_card":"summary_large_image","schema":{"@context":"https:\/\/schema.org","@graph":[{"@type":"WebPage","@id":"https:\/\/www.tectum-verlag.de\/en\/pedagogy\/","url":"https:\/\/www.tectum-verlag.de\/en\/pedagogy\/","name":"Pedagogy - Tectum Verlag","isPartOf":{"@id":"https:\/\/www.tectum-verlag.de\/en\/#website"},"datePublished":"2023-12-19T09:08:06+00:00","dateModified":"2024-09-13T13:17:09+00:00","description":"Our vast programme includes in the research field of pedagogy includes education of children and adulta, art education and theatre pedagogy.","breadcrumb":{"@id":"https:\/\/www.tectum-verlag.de\/en\/pedagogy\/#breadcrumb"},"inLanguage":"en-US","potentialAction":[{"@type":"ReadAction","target":["https:\/\/www.tectum-verlag.de\/en\/pedagogy\/"]}]},{"@type":"BreadcrumbList","@id":"https:\/\/www.tectum-verlag.de\/en\/pedagogy\/#breadcrumb","itemListElement":[{"@type":"ListItem","position":1,"name":"Startseite","item":"https:\/\/www.tectum-verlag.de\/en\/"},{"@type":"ListItem","position":2,"name":"Pedagogy"}]},{"@type":"WebSite","@id":"https:\/\/www.tectum-verlag.de\/en\/#website","url":"https:\/\/www.tectum-verlag.de\/en\/","name":"Tectum Verlag","description":"Eine weitere nomos.de Websites Website","publisher":{"@id":"https:\/\/www.tectum-verlag.de\/en\/#organization"},"potentialAction":[{"@type":"SearchAction","target":{"@type":"EntryPoint","urlTemplate":"https:\/\/www.tectum-verlag.de\/en\/?s={search_term_string}"},"query-input":{"@type":"PropertyValueSpecification","valueRequired":true,"valueName":"search_term_string"}}],"inLanguage":"en-US"},{"@type":"Organization","@id":"https:\/\/www.tectum-verlag.de\/en\/#organization","name":"Tectum Verlag","url":"https:\/\/www.tectum-verlag.de\/en\/","logo":{"@type":"ImageObject","inLanguage":"en-US","@id":"https:\/\/www.tectum-verlag.de\/en\/#\/schema\/logo\/image\/","url":"https:\/\/www.tectum-verlag.de\/wp-content\/uploads\/sites\/3\/2025\/07\/Tectum-web-1.jpg","contentUrl":"https:\/\/www.tectum-verlag.de\/wp-content\/uploads\/sites\/3\/2025\/07\/Tectum-web-1.jpg","width":200,"height":200,"caption":"Tectum Verlag"},"image":{"@id":"https:\/\/www.tectum-verlag.de\/en\/#\/schema\/logo\/image\/"}}]}},"_links":{"self":[{"href":"https:\/\/www.tectum-verlag.de\/en\/wp-json\/wp\/v2\/pages\/6339","targetHints":{"allow":["GET"]}}],"collection":[{"href":"https:\/\/www.tectum-verlag.de\/en\/wp-json\/wp\/v2\/pages"}],"about":[{"href":"https:\/\/www.tectum-verlag.de\/en\/wp-json\/wp\/v2\/types\/page"}],"author":[{"embeddable":true,"href":"https:\/\/www.tectum-verlag.de\/en\/wp-json\/wp\/v2\/users\/22"}],"replies":[{"embeddable":true,"href":"https:\/\/www.tectum-verlag.de\/en\/wp-json\/wp\/v2\/comments?post=6339"}],"version-history":[{"count":15,"href":"https:\/\/www.tectum-verlag.de\/en\/wp-json\/wp\/v2\/pages\/6339\/revisions"}],"predecessor-version":[{"id":7157,"href":"https:\/\/www.tectum-verlag.de\/en\/wp-json\/wp\/v2\/pages\/6339\/revisions\/7157"}],"wp:attachment":[{"href":"https:\/\/www.tectum-verlag.de\/en\/wp-json\/wp\/v2\/media?parent=6339"}],"curies":[{"name":"wp","href":"https:\/\/api.w.org\/{rel}","templated":true}]}}